{"id":5017,"date":"2023-07-12T15:02:31","date_gmt":"2023-07-12T13:02:31","guid":{"rendered":"https:\/\/infomueble.es\/producto\/cap-wood-butaca\/"},"modified":"2023-07-17T12:10:37","modified_gmt":"2023-07-17T10:10:37","slug":"cap-wood-butaca","status":"publish","type":"product","link":"https:\/\/infomueble.es\/ca\/producto\/cap-wood-butaca\/","title":{"rendered":"Butaca Cap Wood"},"content":{"rendered":"","protected":false},"excerpt":{"rendered":"<p><span style=\"font-size: 8pt;\">IVA no incl\u00f2s <\/span><\/p>\n<hr>\n<h4><span style=\"font-family: helvetica, arial, sans-serif;\">CARACTER\u00cdSTIQUES<\/span><\/h4>\n<hr>\n<p>&nbsp;<\/p>\n<ul>\n<li><span style=\"color: #808080; font-family: helvetica, arial, sans-serif;\">Seient i respatller en fusta contraxapada i xapa exterior d&#8217;estratificat en color Roure Clar, Roure Fosc o Blanc.<\/span><\/li>\n<li><span style=\"font-family: helvetica, arial, sans-serif; color: #808080;\">Estructura met\u00e0l\u00b7lica de quatre potes apilable amb bra\u00e7os incorporats a la pr\u00f2pia estructura, fabricada en tub d&#8217;acer rod\u00f3. Pintat en epoxi blanc o negre.<\/span><\/li>\n<li><span style=\"font-family: helvetica, arial, sans-serif; color: #808080;\">Disposa d&#8217;ansa a la trasera del respatller incorporada en la pr\u00f2pia estructura.<\/span><\/li>\n<\/ul>\n<p><img decoding=\"async\" class=\"alignnone size-medium wp-image-5020\" src=\"https:\/\/infomueble.es\/wp-content\/uploads\/2023\/07\/ROBLE-CLARO.png\" alt=\"\" width=\"81\" height=\"81\"> <img decoding=\"async\" class=\"alignnone size-medium wp-image-5022\" src=\"https:\/\/infomueble.es\/wp-content\/uploads\/2023\/07\/ROBLE-OSCURO.png\" alt=\"\" width=\"81\" height=\"80\"> <img decoding=\"async\" class=\"alignnone size-full wp-image-5030\" src=\"https:\/\/infomueble.es\/wp-content\/uploads\/2023\/07\/BLANCO-1-1.png\" alt=\"\" width=\"83\" height=\"81\"><\/p>\n<p>&nbsp;<\/p>\n<p>&nbsp;<\/p>\n<h6><span style=\"font-family: helvetica, arial, sans-serif; color: #520606;\">TRANSPORT I MUNTATGE INCL\u00d2S A MALLORCA<\/span><\/h6>\n<h6><span style=\"font-family: helvetica, arial, sans-serif; color: #520606;\">3 ANYS DE GARANTIA<\/span><\/h6>\n","protected":false},"featured_media":5034,"template":"","meta":{"_et_pb_use_builder":"","_et_pb_old_content":"","_et_gb_content_width":"","_joinchat":[]},"product_brand":[],"product_cat":[94,96],"product_tag":[],"class_list":{"0":"post-5017","1":"product","2":"type-product","3":"status-publish","4":"has-post-thumbnail","6":"product_cat-cadires","7":"product_cat-soft-seating-ca","9":"first","10":"instock","11":"sale","12":"taxable","13":"shipping-taxable","14":"purchasable","15":"product-type-simple"},"_links":{"self":[{"href":"https:\/\/infomueble.es\/ca\/wp-json\/wp\/v2\/product\/5017","targetHints":{"allow":["GET"]}}],"collection":[{"href":"https:\/\/infomueble.es\/ca\/wp-json\/wp\/v2\/product"}],"about":[{"href":"https:\/\/infomueble.es\/ca\/wp-json\/wp\/v2\/types\/product"}],"wp:featuredmedia":[{"embeddable":true,"href":"https:\/\/infomueble.es\/ca\/wp-json\/wp\/v2\/media\/5034"}],"wp:attachment":[{"href":"https:\/\/infomueble.es\/ca\/wp-json\/wp\/v2\/media?parent=5017"}],"wp:term":[{"taxonomy":"product_brand","embeddable":true,"href":"https:\/\/infomueble.es\/ca\/wp-json\/wp\/v2\/product_brand?post=5017"},{"taxonomy":"product_cat","embeddable":true,"href":"https:\/\/infomueble.es\/ca\/wp-json\/wp\/v2\/product_cat?post=5017"},{"taxonomy":"product_tag","embeddable":true,"href":"https:\/\/infomueble.es\/ca\/wp-json\/wp\/v2\/product_tag?post=5017"}],"curies":[{"name":"wp","href":"https:\/\/api.w.org\/{rel}","templated":true}]}}